{"id":2430,"date":"2019-10-22T09:23:08","date_gmt":"2019-10-22T09:23:08","guid":{"rendered":"https:\/\/r-biopharm.com\/datenschutzerklaerung\/datenschutzerklarung-fur-social-media-nutzer\/"},"modified":"2022-03-23T10:30:31","modified_gmt":"2022-03-23T10:30:31","slug":"datenschutzerklarung-fur-social-media-nutzer","status":"publish","type":"page","link":"https:\/\/r-biopharm.com\/de\/datenschutzerklaerung\/datenschutzerklarung-fur-social-media-nutzer\/","title":{"rendered":"Datenschutzerkl\u00e4rung f\u00fcr Social-Media-Nutzer"},"content":{"rendered":"<div class=\"wpb-content-wrapper\">[vc_row][vc_column][vc_column_text css=&#8220;.vc_custom_1612875822006{margin-bottom: 0px !important;}&#8220;]<strong>1. Facebook Fanpage<\/strong><\/p>\n<p>Wir betreiben eine oder mehrere Unternehmens-Webseiten (&#8222;Fanpages&#8220;) auf dem beruflichen Social-Media-Netzwerk Facebook, insbesondere zur Selbstdarstellung, zur Markenbildung aber auch zum Zwecke der Kundenkommunikation und zum Recruiting.<\/p>\n<p>Nach dem Urteil des Europ\u00e4ischen Gerichtshofes (EuGH) vom\u00a005.06.2018, Az. C-210\/16 ist der Betreiber von Social-Media-Seiten f\u00fcr die Datenverarbeitung\u00a0zumindest\u00a0bei Facebook-Fanpages zumindest mitverantwortlich im Sinne des Art. 26 DSGVO.<br \/>\nZwar bietet Facebook unter\u00a0<a href=\"https:\/\/www.facebook.com\/legal\/terms\/page_controller_addendum\">https:\/\/www.facebook.com\/legal\/terms\/page_controller_addendum<\/a>\u00a0eine solche Erkl\u00e4rung an, es\u00a0ist uns aber nicht bekannt, ob diese nunmehr den Anforderungen der DSGVO gen\u00fcgt.<\/p>\n<p>Wir verarbeiten Ihre Daten &#8211; abgesehen von unten ggf. weiteren Verfahren &#8211; lediglich dann, wenn Sie \u00fcber die Plattform Kontakt mit uns aufnehmen. In diesem Fall erhebt Facebook Ihre Daten und stellt sie uns zur Verf\u00fcgung.<br \/>\nDabei findet unter Umst\u00e4nden auch eine Speicherung und weitere Verarbeitung durch uns statt. Die Verarbeitung Ihrer personenbezogenen Daten im Falle einer Anfrage oder Bewerbung richten sich nach unseren anderen diesbez\u00fcglichen Datenschutzerkl\u00e4rungen.<\/p>\n<p>Die Rechtsgrundlage f\u00fcr die Verarbeitung der personenbezogenen Daten ist je nach Fallkonstellation die Verarbeitung zur Anbahnung und Durchf\u00fchrung eines Vertrages mit Ihnen nach Art. 6 Abs. 1 lit. b DSGVO oder auf\u00a0Basis\u00a0unser berechtigtes Interesse an der Kommunikation mit den Nutzern und unsere Au\u00dfendarstellung zwecks Werbung gem\u00e4\u00df Art. 6 Abs. 1 lit. f DSGVO.<br \/>\nSofern Sie gegen\u00fcber dem Anbieter des sozialen Netzwerkes eine Einwilligung in die vorbeschriebene Datenverarbeitung mit Wirkung f\u00fcr uns gegeben haben, ist die Rechtsgrundlage Art. 6 Abs. 1 lit. a DSGVO.<\/p>\n<p>Ferner erheben wir m\u00f6glicherweise Daten der Besucher unserer Unternehmensseite, sofern die Anzeige als Besucher als Verarbeitung definiert werden kann. Wir speichern diese Daten &#8211; vorbehaltlich unten aufgef\u00fchrter weiterer Verfahren &#8211; aber nicht auf eigenen Systemen, noch werden sie \u00fcber eine gelegentliche Kenntnisnahme systematisch weiterverarbeitet.<br \/>\nF\u00fcr diese Verarbeitungsschritte gelten unsere Informationen hinsichtlich der verantwortlichen Stelle, des Datenschutzbeauftragten und der Erkl\u00e4rung Ihrer Rechte als betroffene Person.<\/p>\n<p>Wir weisen darauf hin, dass f\u00fcr jegliche dar\u00fcber hinausgehende Verarbeitung auf unseren Fanpages\u00a0 die Datenschutzerkl\u00e4rung Facebook Inc. (1601 S. California Ave, Palo Alto, CA 94304, USA) oder der\u00a0Facebook Ireland Ltd. (4 Grand Canal Square, Grand Canal Harbour, Dublin 2, Irland)\u00a0anwendbar ist. Die Daten\u00fcbermittlung in Drittl\u00e4nder basiert auf der Nutzung von Standardvertragsklauseln gem\u00e4\u00df der Europ\u00e4ischen Kommission: <a href=\"https:\/\/de-de.facebook.com\/help\/566994660333381\">https:\/\/de-de.facebook.com\/help\/566994660333381<\/a>.<br \/>\nWeitere, ausf\u00fchrliche Informationen zur Datenverarbeitung von Facebook und zu dementsprechenden Widerspruchsm\u00f6glichkeiten finden Sie unter\u00a0<a href=\"https:\/\/www.facebook.com\/about\/privacy\/\">https:\/\/www.facebook.com\/about\/privacy\/<\/a>\u00a0sowie unter \u00a0<a href=\"https:\/\/www.facebook.com\/legal\/terms\/dataprocessing\">https:\/\/www.facebook.com\/legal\/terms\/dataprocessing<\/a>. Facebook ist Anbieter dieses Dienstes und alleine dazu bef\u00e4higt vollst\u00e4ndige Angaben zur Datenverarbeitung auf Facebook zu machen.<br \/>\nWir weisen Sie darauf hin, dass die Geltendmachung von Betroffenenrechten und Auskunftsanfragen am sinnvollsten an Facebook zu richten sind. Ausschlie\u00dflich Facebook hat Zugriff auf Ihre Daten und kann unmittelbar Ma\u00dfnahmen ergreifen, um die Daten zu l\u00f6schen, einzuschr\u00e4nken, etc., oder um Ausk\u00fcnfte zu erteilen. Selbstverst\u00e4ndlich werden wir Sie bei Bedarf bei der Geltendmachung Ihrer Rechte unterst\u00fctzen.<br \/>\nM\u00f6glichkeiten zum Opt-Out finden Sie unter:\u00a0<a href=\"https:\/\/www.facebook.com\/settings?tab=ads\">https:\/\/www.facebook.com\/settings?tab=ads<\/a>\u00a0und\u00a0<a href=\"http:\/\/www.youronlinechoices.com\/\">http:\/\/www.youronlinechoices.com<\/a>.[\/vc_column_text][vc_column_text css=&#8220;.vc_custom_1612875898197{margin-bottom: 0px !important;}&#8220;]<strong>2. Zus\u00e4tzliche Informationen Facebook Insight<br \/>\n<\/strong><\/p>\n<p>Wir verwenden auf unseren Fanpages die Analysefunktion \u201cFacebook Insight\u201d. Die Funktion dient dem Zweck der Werbung und Marktforschung, um Ihnen relevantere Inhalte bereitzustellen und neue, f\u00fcr Sie interessante Funktionen zu entwickeln.<br \/>\nFacebook verwendet dabei Cookies, die eine Analyse Ihrer Besuche auf der Fanpages erm\u00f6glichen. Die durch die Cookies erzeugten Informationen \u00fcber Ihre Benutzung der Fanpages werden in der Regel an Server von Facebook in den USA \u00fcbertragen und dort gespeichert.\u00a0Facebook st\u00fctzt sich bei der Daten\u00fcbermittlung in Drittl\u00e4nder auf Standardvertragsklauseln der Europ\u00e4ischen Kommission und verpflichtet sich damit, die europ\u00e4ischen Datenschutzregeln einzuhalten: <a href=\"https:\/\/de-de.facebook.com\/help\/566994660333381\">https:\/\/de-de.facebook.com\/help\/566994660333381<\/a>.<\/p>\n<p>Die Verarbeitung erfolgt auf Grundlage des Art. 6 Abs. 1 lit. f DSGVO aus dem berechtigten Interesse an zielgerichteter Werbung und zielgerichteten Gestaltung der Fanpages.\u00a0Sofern Sie gegen\u00fcber dem Anbieter des sozialen Netzwerkes eine Einwilligung in die vorbeschriebene Datenverarbeitung mit Wirkung f\u00fcr uns gegeben haben, ist die Rechtsgrundlage Art. 6 Abs. 1 lit. a DSGVO.<br \/>\nN\u00e4here Informationen zu Nutzungsbedingungen und Datenschutz finden Sie unter\u00a0<a href=\"https:\/\/www.facebook.com\/about\/privacy\/\">https:\/\/www.facebook.com\/about\/privacy\/<\/a>. Detaillierte Informationen zu den jeweiligen Verarbeitungen und den Widerspruchsm\u00f6glichkeiten, finden Sie unter\u00a0<a href=\"https:\/\/www.facebook.com\/legal\/terms\/page_controller_addendum\">https:\/\/www.facebook.com\/legal\/terms\/page_controller_addendum<\/a>\u00a0und\u00a0<a href=\"https:\/\/www.facebook.com\/settings?tab=ads\">https:\/\/www.facebook.com\/settings?tab=ads<\/a>\u00a0bzw.\u00a0<a href=\"http:\/\/www.youronlinechoices.com\/\">http:\/\/www.youronlinechoices.com\/<\/a>.[\/vc_column_text][vc_column_text css=&#8220;.vc_custom_1612875928364{margin-bottom: 0px !important;}&#8220;]<strong>3. LinkedIn<\/strong><\/p>\n<p>Unser Unternehmen betreibt einen Social-Media-Channel auf der Plattform LinkedIn.<br \/>\nNach dem Urteil des Europ\u00e4ischen Gerichtshofes (EuGH) vom\u00a005.06.2018, Az. C-210\/16 ist der Betreiber von Social-Media-Seiten f\u00fcr die Datenverarbeitung zumindest bei Facebook-Fanpages zumindest mitverantwortlich im Sinne des Art. 26 DSGVO.<br \/>\nBislang ist uns nicht bekannt, dass LinkedIn eine den Anforderungen des Art. 26 gen\u00fcgende Vereinbarung anbietet.<\/p>\n<p>Wir verarbeiten Ihre Daten lediglich dann, wenn Sie \u00fcber die LinkedIn Plattform Kontakt mit unserer Personalabteilung aufnehmen oder sich \u00fcber LinkedIn auf eine ausgeschriebene Stelle bewerben zu eben diesen Zwecken. In diesem Fall erhebt LinkedIn Ihre Daten und stellt sie uns zur Verf\u00fcgung.<br \/>\nDie Rechtsgrundlage f\u00fcr die Verarbeitung der personenbezogenen Daten ist je nach Fallkonstellation die Verarbeitung zur Anbahnung und Durchf\u00fchrung eines Vertrages mit Ihnen nach Art. 6 Abs. 1 lit. b DSGVO oder auf Basis unser berechtigtes Interesse an der Kommunikation mit den Nutzern und unsere Au\u00dfendarstellung zwecks Werbung gem\u00e4\u00df Art. 6 Abs. 1 lit. f\u00a0DSGVO.<br \/>\nSofern Sie gegen\u00fcber dem Anbieter des sozialen Netzwerkes eine Einwilligung in die vorbeschriebene Datenverarbeitung mit Wirkung f\u00fcr uns gegeben haben, ist die Rechtsgrundlage Art. 6 Abs. 1 lit. a DSGVO.<br \/>\nDabei findet unter Umst\u00e4nden auch eine Speicherung und weitere Verarbeitung durch uns statt. Die Verarbeitung Ihrer personenbezogenen Daten im Falle einer Bewerbung richten sich nach unserer Bewerber-Datenschutzerkl\u00e4rung.<br \/>\nFerner erheben wir m\u00f6glicherweise Daten der Besucher unserer Unternehmensseite, sofern die Anzeige als Besucher als Verarbeitung definiert werden kann. Wir speichern diese Daten aber nicht auf eigenen Systemen, noch werden sie \u00fcber eine gelegentliche Kenntnisnahme systematisch weiterverarbeitet.<br \/>\nF\u00fcr diese Verarbeitungsschritte gelten unsere Informationen hinsichtlich der verantwortlichen Stelle, des Datenschutzbeauftragten und der Erkl\u00e4rung Ihrer Rechte als betroffene Person.<\/p>\n<p>F\u00fcr jegliche dar\u00fcber hinausgehende Verarbeitung weisen wir darauf hin, dass auf unserer LinkedIn Unternehmensseite die Datenschutzerkl\u00e4rung der\u00a0LinkedIn Ireland Unlimited Company,\u00a0Wilton Place,\u00a0Dublin 2, Irland (im Folgenden: LinkedIn) anwendbar ist.<br \/>\nWeitere Informationen zur Verarbeitung personenbezogener Daten durch LinkedIn finden Sie unter\u00a0<a href=\"https:\/\/www.linkedin.com\/legal\/privacy-policy?trk=uno-reg-guest-home-privacy-policy\">https:\/\/www.linkedin.com\/legal\/privacy-policy?trk=uno-reg-guest-home-privacy-policy<\/a>.[\/vc_column_text][vc_column_text css=&#8220;.vc_custom_1612875956033{margin-bottom: 0px !important;}&#8220;]<strong>4. Twitter<\/strong><\/p>\n<p>Wir betreiben eine oder mehrere Unternehmens-Webseiten auf dem beruflichen Social-Media-Netzwerk Twitter, insbesondere zur Selbstdarstellung, aber auch zum Recruiting.<\/p>\n<p>Nach dem Urteil des Europ\u00e4ischen Gerichtshofes (EuGH) vom\u00a005.06.2018, Az. C-210\/16 ist der Betreiber von Social-Media-Seiten f\u00fcr die Datenverarbeitung\u00a0zumindest\u00a0bei Facebook-Fanpages zumindest mitverantwortlich im Sinne des Art. 26 DSGVO.<br \/>\nWir vermuten eine analoge Anwendbarkeit dieser Entscheidung auf andere soziale Netzwerke, so auch Twitter.\u00a0Bislang ist uns nicht bekannt, dass Twitter eine den\u00a0Anforderungen\u00a0des Art. 26 gen\u00fcgende Vereinbarung anbietet.<\/p>\n<p>Wir weisen Sie darauf hin, dass Sie den hier angebotenen Twitter-Kurznachrichtendienst und dessen Funktionen in eigener Verantwortung nutzen. Dies gilt insbesondere f\u00fcr die Nutzung der interaktiven Funktionen (z.B. Teilen, Bewerten).<\/p>\n<p>Wir verarbeiten Ihre Daten lediglich dann, wenn Sie \u00fcber die Twitter Plattform Kontakt mit uns aufnehmen. In diesem Fall erhebt Twitter Ihre Daten und stellt sie uns zur Verf\u00fcgung.<br \/>\nDabei findet unter Umst\u00e4nden auch eine Speicherung und weitere Verarbeitung durch uns statt. Die Verarbeitung Ihrer personenbezogenen Daten im Falle einer Bewerbung richten sich nach unserer Bewerber-Datenschutzerkl\u00e4rung.<\/p>\n<p>Ihre Daten werden von uns insofern verarbeitet, als dass wir Ihre Tweets gegebenenfalls re-tweeten oder auf diese antworten oder auch Tweets verfassen, die auf Ihren Account verweisen. Von Ihnen frei bei Twitter ver\u00f6ffentlichte und verbreitete Daten werden so von uns einbezogen und Dritten zug\u00e4nglich gemacht.<\/p>\n<p>Die Rechtsgrundlage f\u00fcr die Verarbeitung der personenbezogenen Daten ist je nach Fallkonstellation die Verarbeitung zur Anbahnung und Durchf\u00fchrung eines Vertrages mit Ihnen nach Art. 6 Abs. 1 lit. b DSGVO (sofern es um konkrete Angebotsanfragen oder um einer bestehenden Kundenbeziehung mit Ihnen geht)<br \/>\noder auf\u00a0Basis\u00a0unser berechtigtes Interesse an der Kommunikation mit den Nutzern und unsere Au\u00dfendarstellung zwecks Werbung gem\u00e4\u00df Art. 6 Abs. 1 S. 1 lit. f)\u00a0DSGVO.<br \/>\nSofern Sie gegen\u00fcber dem Anbieter des sozialen Netzwerkes eine Einwilligung in die vorbeschriebene Datenverarbeitung mit Wirkung f\u00fcr uns gegeben haben, ist die Rechtsgrundlage Art. 6 Abs. 1 lit. a DSGVO.<\/p>\n<p>Dabei findet unter Umst\u00e4nden auch eine Speicherung und weitere Verarbeitung durch uns statt. Die Verarbeitung Ihrer personenbezogenen Daten richten sich nach dann nach einer unserer anderen Datenschutzerkl\u00e4rung, je nachdem, welcher Gruppe von Betroffenen Sie angeh\u00f6ren.<br \/>\nFerner erheben wir m\u00f6glicherweise Daten der &#8222;Liker&#8220; und Kommentatoren unseres Kanals, sofern die blo\u00dfe Anzeige als Verarbeitung definiert werden kann. Wir speichern diese Daten aber nicht auf eigenen Systemen, noch werden sie \u00fcber eine gelegentliche Kenntnisnahme systematisch weiterverarbeitet.<br \/>\nF\u00fcr diese Verarbeitungsschritte gelten unsere Informationen hinsichtlich der verantwortlichen Stelle, des Datenschutzbeauftragten und der Erkl\u00e4rung Ihrer Rechte als betroffene Person.<\/p>\n<p>Wir weisen darauf hin, dass f\u00fcr jegliche dar\u00fcber hinausgehende Verarbeitung auf bzw. \u00fcber unseren Twitter-Kanal die Datenschutzerkl\u00e4rung der Twitter (Twitter Inc., 1355 Market Street, Suite 900, San Francisco, CA 94103, USA)\u00a0anwendbar ist.<br \/>\nVerantwortlich ist vermutlich die\u00a0Twitter International Company, One Cumberland Place, Fenian Street, Dublin 2 D02 AX07, Irland.<br \/>\nWir haben keinen Einfluss auf Art und Umfang der durch Twitter verarbeiteten Daten, die Art der Verarbeitung und Nutzung oder die Weitergabe dieser Daten an Dritte. Uns stehen diesbez\u00fcglich auch keine effektiven Kontrollm\u00f6glichkeiten zur Verf\u00fcgung.<br \/>\nF\u00fcr den Drittlandtransfer von personenbezogenen Daten dienen Standardvertragsklauseln als Garantie.<br \/>\nWeitere Information zur Verarbeitung von personenbezogenen Daten finden Sie hier:<\/p>\n<ul>\n<li><a href=\"https:\/\/support.twitter.com\/articles\/105576#\u00a0\">https:\/\/support.twitter.com\/articles\/105576#\u00a0<\/a><\/li>\n<li><a href=\"https:\/\/help.twitter.com\/de\/search?q=datenschutz\">https:\/\/help.twitter.com\/de\/search?q=datenschutz<\/a><\/li>\n<li><a href=\"https:\/\/support.twitter.com\/articles\/20172711\">https:\/\/support.twitter.com\/articles\/20172711#<\/a>(Einsichtsm\u00f6glichkeit \u00fcber Ihre Daten)<\/li>\n<li><a href=\"https:\/\/twitter.com\/your_twitter_data\">https:\/\/twitter.com\/your_twitter_data<\/a> <u>(<\/u>Auswertungen Ihrer Twitterdaten<u>)<\/u><\/li>\n<li><a href=\"https:\/\/twitter.com\/personalization\">https:\/\/twitter.com\/personalization<\/a> (Personalisierungsoptionen und Opt-Out)<\/li>\n<li><a href=\"https:\/\/support.twitter.com\/forms\/privacy\">https:\/\/support.twitter.com\/forms\/privacy<\/a> (Datenverarbeitungsinformationen)<\/li>\n<li><a href=\"https:\/\/support.twitter.com\/articles\/20170320\">https:\/\/support.twitter.com\/articles\/20170320#<\/a><\/li>\n<\/ul>\n<p>Wir weisen Sie darauf hin, dass die Geltendmachung von Betroffenenrechten und Auskunftsanfragen am sinnvollsten gegen Twitter Inc. selbst zu richten sind.<br \/>\nAusschlie\u00dflich Twitter hat Zugriff auf Ihre Daten und kann unmittelbar Ma\u00dfnahmen ergreifen, um die Daten zu l\u00f6schen, einzuschr\u00e4nken, etc., oder um Ausk\u00fcnfte zu erteilen. Selbstverst\u00e4ndlich werden wir Sie bei Bedarf bei der Geltendmachung Ihrer Rechte unterst\u00fctzen.[\/vc_column_text][vc_column_text css=&#8220;.vc_custom_1612875982489{margin-bottom: 0px !important;}&#8220;]<strong>5. YouTube-Channel<\/strong><\/p>\n<p>Wir betreiben eine oder mehrere Unternehmens-Webseiten auf dem Social-Media-Netzwerk YouTube der Google Inc., insbesondere zur Selbstdarstellung, aber auch zum Recruiting.<\/p>\n<p>Nach dem Urteil des Europ\u00e4ischen Gerichtshofes (EuGH) vom\u00a005.06.2018, Az. C-210\/16 ist der Betreiber von Social-Media-Seiten f\u00fcr die Datenverarbeitung\u00a0zumindest\u00a0bei Facebook-Fanpages zumindest mitverantwortlich im Sinne des Art. 26 DSGVO.<br \/>\nWir vermuten eine analoge Anwendbarkeit dieser Entscheidung auf andere soziale Netzwerke, so auch YouTube.\u00a0Bislang ist uns nicht bekannt, dass YouTube eine den\u00a0Anforderungen\u00a0des Art. 26 gen\u00fcgende Vereinbarung anbietet.<\/p>\n<p>Wir weisen Sie darauf hin, dass Sie den hier angebotenen YouTube Kanal und dessen Funktionen in eigener Verantwortung nutzen. Dies gilt insbesondere f\u00fcr die Nutzung der interaktiven Funktionen (z.B. Teilen, Liken, Disliken, Kommentieren).<\/p>\n<p>Wir verarbeiten Ihre Daten lediglich dann, wenn Sie \u00fcber die YouTube Plattform Kontakt mit uns aufnehmen. In diesem Fall erhebt YouTube Ihre Daten und stellt sie uns zur Verf\u00fcgung.<br \/>\nDabei findet unter Umst\u00e4nden auch eine Speicherung und weitere Verarbeitung durch uns statt. Die Verarbeitung Ihrer personenbezogenen Daten richtet sich dann nach einer unserer anderen Datenschutzerkl\u00e4rungen, je nachdem, zu welcher Gruppe Betroffener Sie geh\u00f6ren.<br \/>\nFerner erheben wir m\u00f6glicherweise Daten der Besucher unserer Unternehmensseite, sofern die Anzeige als Besucher als Verarbeitung definiert werden kann. Wir speichern diese Daten aber nicht auf eigenen Systemen, noch werden sie \u00fcber eine gelegentliche Kenntnisnahme systematisch weiterverarbeitet.<\/p>\n<p>Die Rechtsgrundlage f\u00fcr die Verarbeitung der personenbezogenen Daten ist je nach Fallkonstellation die Verarbeitung zur Anbahnung und Durchf\u00fchrung eines Vertrages mit Ihnen nach Art. 6 Abs. 1 lit. b DSGVO (z.B. bei Fragen zu Produkten oder Dienstleistungen)<br \/>\noder auf\u00a0Basis\u00a0unser berechtigtes Interesse an der Kommunikation mit den Nutzern und unsere Au\u00dfendarstellung zwecks Werbung gem\u00e4\u00df Art. 6 Abs. 1 S. 1 lit. f DSGVO.<br \/>\nSofern Sie gegen\u00fcber dem Anbieter des sozialen Netzwerkes eine Einwilligung in die vorbeschriebene Datenverarbeitung mit Wirkung f\u00fcr uns gegeben haben, ist die Rechtsgrundlage Art. 6 Abs. 1 lit. a DSGVO.<\/p>\n<p>F\u00fcr diese Verarbeitungsschritte gelten unsere Informationen hinsichtlich der verantwortlichen Stelle, des Datenschutzbeauftragten und der Erkl\u00e4rung Ihrer Rechte als betroffene Person.<\/p>\n<p>Wir weisen darauf hin, dass f\u00fcr jegliche dar\u00fcber hinausgehende Verarbeitung auf unseres YouTube-Channels die Datenschutzerkl\u00e4rung der Google Dublin, Google Ireland Ltd., Gordon House, Barrow Street, Dublin 4, Ireland, Fax: +353 (1) 436 1001 oder alternativ der Google LLC, 1600 Amphitheatre Parkway, Mountain View, CA 94043, USA\u00a0anwendbar ist.<br \/>\nWir haben keine nachhaltige Kenntnis und keinen Einfluss auf Art und Umfang der durch Google verarbeiteten Daten, die Art der Verarbeitung und Nutzung oder die Weitergabe dieser Daten an Dritte. Uns stehen diesbez\u00fcglich auch keine effektiven Kontrollm\u00f6glichkeiten zur Verf\u00fcgung.<br \/>\nWeitere Information zur Verarbeitung von personenbezogenen Daten durch YouTube finden Sie hier:<\/p>\n<ul>\n<li>Nutzerbedingungen:\u00a0<a href=\"http:\/\/www.google.com\/analytics\/terms\/de.html\">http:\/\/www.google.com\/analytics\/terms\/de.html<\/a><\/li>\n<li>Zum Datenschutz:\u00a0<a href=\"http:\/\/www.google.com\/intl\/de\/analytics\/learn\/privacy.html\">http:\/\/www.google.com\/intl\/de\/analytics\/learn\/privacy.html<\/a><\/li>\n<li>Datenschutzerkl\u00e4rung:\u00a0<a href=\"http:\/\/www.google.de\/intl\/de\/policies\/privacy\">http:\/\/www.google.de\/intl\/de\/policies\/privacy<\/a>.<\/li>\n<\/ul>\n<p>F\u00fcr die F\u00e4lle, in denen personenbezogene Daten in die USA \u00fcbertragen werden, finden Standardvertragsklauseln Anwendung.[\/vc_column_text][vc_column_text css=&#8220;.vc_custom_1612876011260{margin-bottom: 0px !important;}&#8220;]<strong>6. XING-Unternehmensseite<\/strong><\/p>\n<p>Wir betreiben eine oder mehrere Unternehmens-Webseiten auf dem beruflichen Social-Media-Netzwerk XING, insbesondere zur Selbstdarstellung, aber auch zum Recruiting.<\/p>\n<p>Nach dem Urteil des Europ\u00e4ischen Gerichtshofes (EuGH) vom\u00a005.06.2018, Az. C-210\/16 ist der Betreiber von Social-Media-Seiten f\u00fcr die Datenverarbeitung bei Facebook-Fanpages zumindest mitverantwortlich im Sinne des Art. 26 DSGVO.<br \/>\nWir vermuten eine analoge Anwendbarkeit dieser Entscheidung auf andere soziale Netzwerke, so auch XING.\u00a0Bislang ist uns nicht bekannt, dass XING eine den\u00a0Anforderungen\u00a0des Art. 26 gen\u00fcgende Vereinbarung anbietet.<\/p>\n<p>Wir verarbeiten Ihre Daten lediglich dann, wenn Sie \u00fcber die XING Plattform Kontakt mit unserer Personalabteilung aufnehmen oder sich \u00fcber XING auf eine ausgeschriebene Stelle bewerben. In diesem Fall erhebt XING Ihre Daten und stellt sie uns zur Verf\u00fcgung.<br \/>\nDabei findet unter Umst\u00e4nden auch eine Speicherung und weitere Verarbeitung durch uns statt. Die Verarbeitung Ihrer personenbezogenen Daten im Falle einer Bewerbung richten sich nach unserer Bewerber-Datenschutzerkl\u00e4rung.<\/p>\n<p>Die Rechtsgrundlage f\u00fcr die Verarbeitung der personenbezogenen Daten ist je nach Fallkonstellation die Verarbeitung zur Anbahnung und Durchf\u00fchrung eines Vertrages mit Ihnen nach Art. 6 Abs. 1 lit. b DSGVO oder auf\u00a0Basis\u00a0unser berechtigtes Interesse an der Kommunikation mit den Nutzern und unsere Au\u00dfendarstellung zwecks Werbung gem\u00e4\u00df Art. 6 Abs. 1 lit. f DSGVO.<br \/>\nSofern Sie gegen\u00fcber dem Anbieter des sozialen Netzwerkes eine Einwilligung in die vorbeschriebene Datenverarbeitung mit Wirkung f\u00fcr uns gegeben haben, ist die Rechtsgrundlage Art. 6 Abs. 1 lit. a DSGVO.<br \/>\nDabei findet unter Umst\u00e4nden auch eine Speicherung und weitere Verarbeitung durch uns statt. Die Verarbeitung Ihrer personenbezogenen Daten im Falle einer Bewerbung richten sich nach unserer Bewerber-Datenschutzerkl\u00e4rung.<br \/>\nFerner erheben wir m\u00f6glicherweise Daten der Besucher unserer Unternehmensseite, sofern die Anzeige als Besucher als Verarbeitung definiert werden kann. Wir speichern diese Daten aber nicht auf eigenen Systemen, noch werden sie \u00fcber eine gelegentliche Kenntnisnahme systematisch weiterverarbeitet.<br \/>\nF\u00fcr diese Verarbeitungsschritte gelten unsere Informationen hinsichtlich der verantwortlichen Stelle, des Datenschutzbeauftragten und der Erkl\u00e4rung Ihrer Rechte als betroffene Person.<\/p>\n<p>Wir weisen darauf hin, dass f\u00fcr jegliche dar\u00fcber hinausgehende Verarbeitung auf unserer XING-Unternehmensseite die Datenschutzerkl\u00e4rung der XING SE,\u00a0Dammtorstra\u00dfe 30, DE-20354 Hamburg,\u00a0Deutschland,\u00a0Tel.: +49 40 419 131-0 ,\u00a0Fax: +49 40 419 131-11,\u00a0E-Mail:\u00a0<a href=\"&#x6d;&#x61;&#x69;&#x6c;&#116;&#111;&#58;&#105;nfo&#x40;&#x78;&#x69;&#x6e;&#x67;&#46;&#99;&#111;m\">inf&#111;&#64;&#120;&#x69;&#x6e;&#x67;&#x2e;&#x63;&#x6f;m<\/a>,\u00a0(im Folgenden: XING) anwendbar ist.<br \/>\nWeitere Information zur Verarbeitung von personenbezogenen Daten durch XING finden Sie hier:\u00a0<a href=\"https:\/\/privacy.xing.com\/de\/datenschutzerklaerung\">https:\/\/privacy.xing.com\/de\/datenschutzerklaerung<\/a>[\/vc_column_text][vc_column_text css=&#8220;.vc_custom_1648031324130{margin-bottom: 0px !important;}&#8220;]<strong>7. StepStone<\/strong><\/p>\n<p>Wir betreiben eine oder mehrere Unternehmens-Webseiten auf dem beruflichen Social-Media-Netzwerk StepStone, insbesondere zur Selbstdarstellung, aber auch zum Recruiting.<\/p>\n<p>Nach dem Urteil des Europ\u00e4ischen Gerichtshofes (EuGH) vom 05.06.2018, Az. C-210\/16 ist der Betreiber von Social-Media-Seiten f\u00fcr die Datenverarbeitung zumindest bei Facebook-Fanpages zumindest mitverantwortlich im Sinne des Art. 26 DSGVO.<br \/>\nWir vermuten eine analoge Anwendbarkeit dieser Entscheidung auf andere soziale Netzwerke, so auch StepStone. Bislang ist uns nicht bekannt, dass StepStone eine den Anforderungen des Art. 26 gen\u00fcgende Vereinbarung anbietet.<\/p>\n<p>Wir verarbeiten Ihre Daten lediglich dann, wenn Sie \u00fcber die StepStone Plattform Kontakt mit unserer Personalabteilung aufnehmen oder sich \u00fcber StepStone auf eine ausgeschriebene Stelle bewerben. In diesem Fall erhebt StepStone Ihre Daten und stellt sie uns zur Verf\u00fcgung.<br \/>\nDabei findet unter Umst\u00e4nden auch eine Speicherung und weitere Verarbeitung durch uns statt. Die Verarbeitung Ihrer personenbezogenen Daten im Falle einer Bewerbung richten sich nach unserer Bewerber-Datenschutzerkl\u00e4rung.<\/p>\n<p>Die Rechtsgrundlage f\u00fcr die Verarbeitung der personenbezogenen Daten ist je nach Fallkonstellation die Verarbeitung zur Anbahnung und Durchf\u00fchrung eines Vertrages mit Ihnen nach Art. 6 Abs. 1 lit. b DSGVO oder auf Basis unser berechtigtes Interesse an der Kommunikation mit den Nutzern und unsere Au\u00dfendarstellung zwecks Werbung gem\u00e4\u00df Art. 6 Abs. 1 lit. f DSGVO.<br \/>\nSofern Sie gegen\u00fcber dem Anbieter des Sozialen Netzwerkes eine Einwilligung in die vorbeschriebene Datenverarbeitung mit Wirkung f\u00fcr uns gegeben haben, ist die Rechtsgrundlage Art. 6 Abs. 1 lit. a DSGVO.<br \/>\nDabei findet unter Umst\u00e4nden auch eine Speicherung und weitere Verarbeitung durch uns statt. Die Verarbeitung Ihrer personenbezogenen Daten im Falle einer Bewerbung richten sich nach unserer Bewerber-Datenschutzerkl\u00e4rung.<br \/>\nFerner erheben wir m\u00f6glicherweise Daten der Besucher unserer Unternehmensseite, sofern die Anzeige als Besucher als Verarbeitung definiert werden kann. Wir speichern diese Daten aber nicht auf eigenen Systemen, noch werden sie \u00fcber eine gelegentliche Kenntnisnahme systematisch weiterverarbeitet.<br \/>\nF\u00fcr diese Verarbeitungsschritte gelten unsere Informationen hinsichtlich der verantwortlichen Stelle, des Datenschutzbeauftragten und der Erkl\u00e4rung Ihrer Rechte als betroffene Person.<\/p>\n<p>Wir weisen darauf hin, dass f\u00fcr jegliche dar\u00fcber hinausgehende Verarbeitung auf unserer StepStone-Unternehmensseite die Datenschutzerkl\u00e4rung der StepStone Deutschland GmbH, V\u00f6lklinger Stra\u00dfe 1, DE-40291 D\u00fcsseldorf, Deutschland, Tel: +49 211-93493\u20130, Fax: +49 211-93493\u20135900, E-Mail:\u00a0<a href=\"&#x6d;&#x61;&#105;l&#x74;&#x6f;&#58;in&#x66;&#x6f;&#64;s&#x74;&#x65;&#112;&#115;t&#x6f;&#x6e;&#101;&#46;&#x64;&#x65;\">i&#110;&#102;&#x6f;&#x40;&#x73;&#x74;e&#112;&#115;&#116;&#x6f;&#x6e;&#x65;&#46;d&#101;<\/a>, (im Folgenden: StepStone) anwendbar ist. Weitere Infos zur Verarbeitung von personenbezogenen Daten durch StepStone finden Sie hier:\u00a0<a href=\"https:\/\/www.stepstone.de\/Ueber-StepStone\/rechtliche-hinweise\/datenschutzerklaerung\/\">https:\/\/www.stepstone.de\/Ueber-StepStone\/rechtliche-hinweise\/datenschutzerklaerung\/<\/a>.[\/vc_column_text][vc_column_text css=&#8220;.vc_custom_1648031423552{margin-bottom: 0px !important;}&#8220;]<strong>8. Indeed<\/strong><\/p>\n<p>Wir betreiben eine oder mehrere Unternehmens-Webseiten auf dem beruflichen Social-Media-Netzwerk Indeed, insbesondere zur Selbstdarstellung, aber auch zum Recruiting.<\/p>\n<p>Nach dem Urteil des Europ\u00e4ischen Gerichtshofes (EuGH) vom\u00a005.06.2018, Az. C-210\/16 ist der Betreiber von Social-Media-Seiten f\u00fcr die Datenverarbeitung bei Facebook-Fanpages zumindest mitverantwortlich im Sinne des Art. 26 DSGVO.<br \/>\nWir vermuten eine analoge Anwendbarkeit dieser Entscheidung auf andere soziale Netzwerke, so auch Indeed.\u00a0Bislang ist uns nicht bekannt, dass Indeed eine den\u00a0Anforderungen\u00a0des Art. 26 gen\u00fcgende Vereinbarung anbietet.<\/p>\n<p>Wir verarbeiten Ihre Daten lediglich dann, wenn Sie \u00fcber die Indeed Plattform Kontakt mit unserer Personalabteilung aufnehmen oder sich \u00fcber Indeed auf eine ausgeschriebene Stelle bewerben. In diesem Fall erhebt Indeed Ihre Daten und stellt sie uns zur Verf\u00fcgung.<br \/>\nDabei findet unter Umst\u00e4nden auch eine Speicherung und weitere Verarbeitung durch uns statt. Die Verarbeitung Ihrer personenbezogenen Daten im Falle einer Bewerbung richten sich nach unserer Bewerber-Datenschutzerkl\u00e4rung.<\/p>\n<p>Die Rechtsgrundlage f\u00fcr die Verarbeitung der personenbezogenen Daten ist je nach Fallkonstellation die Verarbeitung zur Anbahnung und Durchf\u00fchrung eines Vertrages mit Ihnen nach Art. 6 Abs. 1 lit. b DSGVO oder auf\u00a0Basis\u00a0unseres berechtigten Interesses an der Kommunikation mit den Nutzern und unsere Au\u00dfendarstellung zwecks Werbung gem\u00e4\u00df Art. 6 Abs. 1 lit. f DSGVO.<br \/>\nSofern Sie gegen\u00fcber dem Anbieter des sozialen Netzwerkes eine Einwilligung in die vorbeschriebene Datenverarbeitung mit Wirkung f\u00fcr uns gegeben haben, ist die Rechtsgrundlage Art. 6 Abs. 1 lit. a DSGVO.<br \/>\nDabei findet unter Umst\u00e4nden auch eine Speicherung und weitere Verarbeitung durch uns statt. Die Verarbeitung Ihrer personenbezogenen Daten im Falle einer Bewerbung richten sich nach unserer Bewerber-Datenschutzerkl\u00e4rung.<br \/>\nFerner erheben wir m\u00f6glicherweise Daten der Besucher unserer Unternehmensseite, sofern die Anzeige als Besucher als Verarbeitung definiert werden kann. Wir speichern diese Daten aber nicht auf eigenen Systemen, noch werden sie \u00fcber eine gelegentliche Kenntnisnahme systematisch weiterverarbeitet.<br \/>\nF\u00fcr diese Verarbeitungsschritte gelten unsere Informationen hinsichtlich der verantwortlichen Stelle, des Datenschutzbeauftragten und der Erkl\u00e4rung Ihrer Rechte als betroffene Person.<\/p>\n<p>Wir weisen darauf hin, dass f\u00fcr jegliche dar\u00fcber hinausgehende Verarbeitung auf unserer Indeed-Unternehmensseite die Datenschutzerkl\u00e4rung der Indeed Ireland Operations Limited, 124 St. Stephen\u2019s Green, Dublin 2, Irland, anwendbar ist.<br \/>\nWeitere Information zur Verarbeitung von personenbezogenen Daten durch Indeed finden Sie hier: <a href=\"https:\/\/de.indeed.com\/legal?hl=de&amp;redirect=true\">https:\/\/de.indeed.com\/legal?hl=de&amp;redirect=true<\/a>.[\/vc_column_text][\/vc_column][\/vc_row]\n<\/div>","protected":false},"excerpt":{"rendered":"<p>[vc_row][vc_column][vc_column_text css=&#8220;.vc_custom_1612875822006{margin-bottom: 0px !important;}&#8220;]1. Facebook Fanpage Wir betreiben eine oder mehrere Unternehmens-Webseiten (&#8222;Fanpages&#8220;) auf dem beruflichen Social-Media-Netzwerk Facebook, insbesondere zur Selbstdarstellung, zur Markenbildung aber auch zum Zwecke der Kundenkommunikation und zum Recruiting. Nach dem Urteil des Europ\u00e4ischen Gerichtshofes (EuGH) vom\u00a005.06.2018, Az. C-210\/16 ist der Betreiber von Social-Media-Seiten f\u00fcr die Datenverarbeitung\u00a0zumindest\u00a0bei Facebook-Fanpages zumindest mitverantwortlich im Sinne [&hellip;]<\/p>\n","protected":false},"author":27,"featured_media":0,"parent":102,"menu_order":0,"comment_status":"closed","ping_status":"closed","template":"","meta":{"_acf_changed":false,"inline_featured_image":false,"footnotes":""},"class_list":["post-2430","page","type-page","status-publish","hentry"],"acf":[],"yoast_head":"<!-- This site is optimized with the Yoast SEO plugin v27.4 - https:\/\/yoast.com\/product\/yoast-seo-wordpress\/ -->\n<title>Datenschutzerkl\u00e4rung f\u00fcr Social-Media-Nutzer - R-Biopharm AG<\/title>\n<meta name=\"robots\" content=\"index, follow, max-snippet:-1, max-image-preview:large, max-video-preview:-1\" \/>\n<link rel=\"canonical\" href=\"https:\/\/r-biopharm.com\/de\/datenschutzerklaerung\/datenschutzerklarung-fur-social-media-nutzer\/\" \/>\n<meta property=\"og:locale\" content=\"de_DE\" \/>\n<meta property=\"og:type\" content=\"article\" \/>\n<meta property=\"og:title\" content=\"Datenschutzerkl\u00e4rung f\u00fcr Social-Media-Nutzer - R-Biopharm AG\" \/>\n<meta property=\"og:description\" content=\"[vc_row][vc_column][vc_column_text css=&#8220;.vc_custom_1612875822006{margin-bottom: 0px !important;}&#8220;]1. Facebook Fanpage Wir betreiben eine oder mehrere Unternehmens-Webseiten (&#8222;Fanpages&#8220;) auf dem beruflichen Social-Media-Netzwerk Facebook, insbesondere zur Selbstdarstellung, zur Markenbildung aber auch zum Zwecke der Kundenkommunikation und zum Recruiting. Nach dem Urteil des Europ\u00e4ischen Gerichtshofes (EuGH) vom\u00a005.06.2018, Az. C-210\/16 ist der Betreiber von Social-Media-Seiten f\u00fcr die Datenverarbeitung\u00a0zumindest\u00a0bei Facebook-Fanpages zumindest mitverantwortlich im Sinne [&hellip;]\" \/>\n<meta property=\"og:url\" content=\"https:\/\/r-biopharm.com\/de\/datenschutzerklaerung\/datenschutzerklarung-fur-social-media-nutzer\/\" \/>\n<meta property=\"og:site_name\" content=\"R-Biopharm AG\" \/>\n<meta property=\"article:modified_time\" content=\"2022-03-23T10:30:31+00:00\" \/>\n<meta name=\"twitter:label1\" content=\"Gesch\u00e4tzte Lesezeit\" \/>\n\t<meta name=\"twitter:data1\" content=\"18\u00a0Minuten\" \/>\n<script type=\"application\/ld+json\" class=\"yoast-schema-graph\">{\"@context\":\"https:\\\/\\\/schema.org\",\"@graph\":[{\"@type\":\"WebPage\",\"@id\":\"https:\\\/\\\/r-biopharm.com\\\/de\\\/datenschutzerklaerung\\\/datenschutzerklarung-fur-social-media-nutzer\\\/\",\"url\":\"https:\\\/\\\/r-biopharm.com\\\/de\\\/datenschutzerklaerung\\\/datenschutzerklarung-fur-social-media-nutzer\\\/\",\"name\":\"Datenschutzerkl\u00e4rung f\u00fcr Social-Media-Nutzer - R-Biopharm AG\",\"isPartOf\":{\"@id\":\"https:\\\/\\\/r-biopharm.com\\\/#website\"},\"datePublished\":\"2019-10-22T09:23:08+00:00\",\"dateModified\":\"2022-03-23T10:30:31+00:00\",\"breadcrumb\":{\"@id\":\"https:\\\/\\\/r-biopharm.com\\\/de\\\/datenschutzerklaerung\\\/datenschutzerklarung-fur-social-media-nutzer\\\/#breadcrumb\"},\"inLanguage\":\"de\",\"potentialAction\":[{\"@type\":\"ReadAction\",\"target\":[\"https:\\\/\\\/r-biopharm.com\\\/de\\\/datenschutzerklaerung\\\/datenschutzerklarung-fur-social-media-nutzer\\\/\"]}]},{\"@type\":\"BreadcrumbList\",\"@id\":\"https:\\\/\\\/r-biopharm.com\\\/de\\\/datenschutzerklaerung\\\/datenschutzerklarung-fur-social-media-nutzer\\\/#breadcrumb\",\"itemListElement\":[{\"@type\":\"ListItem\",\"position\":1,\"name\":\"Home\",\"item\":\"https:\\\/\\\/r-biopharm.com\\\/de\\\/\"},{\"@type\":\"ListItem\",\"position\":2,\"name\":\"\u00dcbergreifende Datenschutzerkl\u00e4rung\",\"item\":\"https:\\\/\\\/r-biopharm.com\\\/de\\\/datenschutzerklaerung\\\/\"},{\"@type\":\"ListItem\",\"position\":3,\"name\":\"Datenschutzerkl\u00e4rung f\u00fcr Social-Media-Nutzer\"}]},{\"@type\":\"WebSite\",\"@id\":\"https:\\\/\\\/r-biopharm.com\\\/#website\",\"url\":\"https:\\\/\\\/r-biopharm.com\\\/\",\"name\":\"R-Biopharm AG\",\"description\":\"\",\"potentialAction\":[{\"@type\":\"SearchAction\",\"target\":{\"@type\":\"EntryPoint\",\"urlTemplate\":\"https:\\\/\\\/r-biopharm.com\\\/?s={search_term_string}\"},\"query-input\":{\"@type\":\"PropertyValueSpecification\",\"valueRequired\":true,\"valueName\":\"search_term_string\"}}],\"inLanguage\":\"de\"}]}<\/script>\n<!-- \/ Yoast SEO plugin. -->","yoast_head_json":{"title":"Datenschutzerkl\u00e4rung f\u00fcr Social-Media-Nutzer - R-Biopharm AG","robots":{"index":"index","follow":"follow","max-snippet":"max-snippet:-1","max-image-preview":"max-image-preview:large","max-video-preview":"max-video-preview:-1"},"canonical":"https:\/\/r-biopharm.com\/de\/datenschutzerklaerung\/datenschutzerklarung-fur-social-media-nutzer\/","og_locale":"de_DE","og_type":"article","og_title":"Datenschutzerkl\u00e4rung f\u00fcr Social-Media-Nutzer - R-Biopharm AG","og_description":"[vc_row][vc_column][vc_column_text css=&#8220;.vc_custom_1612875822006{margin-bottom: 0px !important;}&#8220;]1. Facebook Fanpage Wir betreiben eine oder mehrere Unternehmens-Webseiten (&#8222;Fanpages&#8220;) auf dem beruflichen Social-Media-Netzwerk Facebook, insbesondere zur Selbstdarstellung, zur Markenbildung aber auch zum Zwecke der Kundenkommunikation und zum Recruiting. Nach dem Urteil des Europ\u00e4ischen Gerichtshofes (EuGH) vom\u00a005.06.2018, Az. C-210\/16 ist der Betreiber von Social-Media-Seiten f\u00fcr die Datenverarbeitung\u00a0zumindest\u00a0bei Facebook-Fanpages zumindest mitverantwortlich im Sinne [&hellip;]","og_url":"https:\/\/r-biopharm.com\/de\/datenschutzerklaerung\/datenschutzerklarung-fur-social-media-nutzer\/","og_site_name":"R-Biopharm AG","article_modified_time":"2022-03-23T10:30:31+00:00","twitter_misc":{"Gesch\u00e4tzte Lesezeit":"18\u00a0Minuten"},"schema":{"@context":"https:\/\/schema.org","@graph":[{"@type":"WebPage","@id":"https:\/\/r-biopharm.com\/de\/datenschutzerklaerung\/datenschutzerklarung-fur-social-media-nutzer\/","url":"https:\/\/r-biopharm.com\/de\/datenschutzerklaerung\/datenschutzerklarung-fur-social-media-nutzer\/","name":"Datenschutzerkl\u00e4rung f\u00fcr Social-Media-Nutzer - R-Biopharm AG","isPartOf":{"@id":"https:\/\/r-biopharm.com\/#website"},"datePublished":"2019-10-22T09:23:08+00:00","dateModified":"2022-03-23T10:30:31+00:00","breadcrumb":{"@id":"https:\/\/r-biopharm.com\/de\/datenschutzerklaerung\/datenschutzerklarung-fur-social-media-nutzer\/#breadcrumb"},"inLanguage":"de","potentialAction":[{"@type":"ReadAction","target":["https:\/\/r-biopharm.com\/de\/datenschutzerklaerung\/datenschutzerklarung-fur-social-media-nutzer\/"]}]},{"@type":"BreadcrumbList","@id":"https:\/\/r-biopharm.com\/de\/datenschutzerklaerung\/datenschutzerklarung-fur-social-media-nutzer\/#breadcrumb","itemListElement":[{"@type":"ListItem","position":1,"name":"Home","item":"https:\/\/r-biopharm.com\/de\/"},{"@type":"ListItem","position":2,"name":"\u00dcbergreifende Datenschutzerkl\u00e4rung","item":"https:\/\/r-biopharm.com\/de\/datenschutzerklaerung\/"},{"@type":"ListItem","position":3,"name":"Datenschutzerkl\u00e4rung f\u00fcr Social-Media-Nutzer"}]},{"@type":"WebSite","@id":"https:\/\/r-biopharm.com\/#website","url":"https:\/\/r-biopharm.com\/","name":"R-Biopharm AG","description":"","potentialAction":[{"@type":"SearchAction","target":{"@type":"EntryPoint","urlTemplate":"https:\/\/r-biopharm.com\/?s={search_term_string}"},"query-input":{"@type":"PropertyValueSpecification","valueRequired":true,"valueName":"search_term_string"}}],"inLanguage":"de"}]}},"_links":{"self":[{"href":"https:\/\/r-biopharm.com\/de\/wp-json\/wp\/v2\/pages\/2430","targetHints":{"allow":["GET"]}}],"collection":[{"href":"https:\/\/r-biopharm.com\/de\/wp-json\/wp\/v2\/pages"}],"about":[{"href":"https:\/\/r-biopharm.com\/de\/wp-json\/wp\/v2\/types\/page"}],"author":[{"embeddable":true,"href":"https:\/\/r-biopharm.com\/de\/wp-json\/wp\/v2\/users\/27"}],"replies":[{"embeddable":true,"href":"https:\/\/r-biopharm.com\/de\/wp-json\/wp\/v2\/comments?post=2430"}],"version-history":[{"count":9,"href":"https:\/\/r-biopharm.com\/de\/wp-json\/wp\/v2\/pages\/2430\/revisions"}],"predecessor-version":[{"id":7026,"href":"https:\/\/r-biopharm.com\/de\/wp-json\/wp\/v2\/pages\/2430\/revisions\/7026"}],"up":[{"embeddable":true,"href":"https:\/\/r-biopharm.com\/de\/wp-json\/wp\/v2\/pages\/102"}],"wp:attachment":[{"href":"https:\/\/r-biopharm.com\/de\/wp-json\/wp\/v2\/media?parent=2430"}],"curies":[{"name":"wp","href":"https:\/\/api.w.org\/{rel}","templated":true}]}}